{"version":"1.0","provider_name":"Produncan","provider_url":"https:\/\/produncan.cl\/fr\/","author_name":"Duncan","author_url":"https:\/\/produncan.cl\/fr\/author\/duncan\/","title":"\u00c9conomie et march\u00e9 Immobilier Septembre 2025","type":"rich","width":600,"height":338,"html":"<blockquote class=\"wp-embedded-content\" data-secret=\"ROj1RNIL8S\"><a href=\"https:\/\/produncan.cl\/fr\/economie-et-marche-immobilier-septembre-2025\/\">\u00c9conomie et march\u00e9 Immobilier Septembre 2025<\/a><\/blockquote><iframe sandbox=\"allow-scripts\" security=\"restricted\" src=\"https:\/\/produncan.cl\/fr\/economie-et-marche-immobilier-septembre-2025\/embed\/#?secret=ROj1RNIL8S\" width=\"600\" height=\"338\" title=\"&#8220;\u00c9conomie et march\u00e9 Immobilier Septembre 2025&#8221; &#8212; Produncan\" data-secret=\"ROj1RNIL8S\" frameborder=\"0\" marginwidth=\"0\" marginheight=\"0\" scrolling=\"no\" class=\"wp-embedded-content\"><\/iframe><script>\n\/*! This file is auto-generated *\/\n!function(d,l){\"use strict\";l.querySelector&&d.addEventListener&&\"undefined\"!=typeof URL&&(d.wp=d.wp||{},d.wp.receiveEmbedMessage||(d.wp.receiveEmbedMessage=function(e){var t=e.data;if((t||t.secret||t.message||t.value)&&!\/[^a-zA-Z0-9]\/.test(t.secret)){for(var s,r,n,a=l.querySelectorAll('iframe[data-secret=\"'+t.secret+'\"]'),o=l.querySelectorAll('blockquote[data-secret=\"'+t.secret+'\"]'),c=new RegExp(\"^https?:$\",\"i\"),i=0;i<o.length;i++)o[i].style.display=\"none\";for(i=0;i<a.length;i++)s=a[i],e.source===s.contentWindow&&(s.removeAttribute(\"style\"),\"height\"===t.message?(1e3<(r=parseInt(t.value,10))?r=1e3:~~r<200&&(r=200),s.height=r):\"link\"===t.message&&(r=new URL(s.getAttribute(\"src\")),n=new URL(t.value),c.test(n.protocol))&&n.host===r.host&&l.activeElement===s&&(d.top.location.href=t.value))}},d.addEventListener(\"message\",d.wp.receiveEmbedMessage,!1),l.addEventListener(\"DOMContentLoaded\",function(){for(var e,t,s=l.querySelectorAll(\"iframe.wp-embedded-content\"),r=0;r<s.length;r++)(t=(e=s[r]).getAttribute(\"data-secret\"))||(t=Math.random().toString(36).substring(2,12),e.src+=\"#?secret=\"+t,e.setAttribute(\"data-secret\",t)),e.contentWindow.postMessage({message:\"ready\",secret:t},\"*\")},!1)))}(window,document);\n\/\/# sourceURL=https:\/\/produncan.cl\/wp-includes\/js\/wp-embed.min.js\n<\/script>\n","description":"La situation \u00e9conomique chilienne demeure marqu\u00e9e par de multiples zones de tension qui limitent les performances sectorielles. Au niveau politique, le d\u00e9bat en cours sur les r\u00e9formes structurelles alimente la prudence entre investisseurs et consommateurs, g\u00e9n\u00e9rant une plus grande prime de risque dans les attentes. Sur le plan \u00e9conomique, le tableau montre une croissance mod\u00e9r\u00e9e, [&hellip;]"}